{"id":870,"date":"2020-01-29T20:30:47","date_gmt":"2020-01-29T19:30:47","guid":{"rendered":"http:\/\/www.wisthaler.com\/index.php\/cosa-pensano-di-me-dichiarazioni\/"},"modified":"2025-08-27T16:31:23","modified_gmt":"2025-08-27T14:31:23","slug":"cosa-pensano-di-me-dichiarazioni","status":"publish","type":"page","link":"https:\/\/www.wisthaler.com\/index.php\/cosa-pensano-di-me-dichiarazioni\/?lang=it","title":{"rendered":"Cosa pensano di me\/Dichiarazioni"},"content":{"rendered":"<p>[et_pb_section fb_built=&#8220;1&#8243; _builder_version=&#8220;4.16&#8243; background_color=&#8220;rgba(0,0,0,0)&#8220; custom_padding=&#8220;40px||||false|false&#8220; global_colors_info=&#8220;{}&#8220;][et_pb_row column_structure=&#8220;1_2,1_2&#8243; custom_padding_last_edited=&#8220;on|phone&#8220; _builder_version=&#8220;4.16&#8243; custom_margin=&#8220;40px|auto|-3px|auto||&#8220; custom_padding=&#8220;2px||52px|||&#8220; custom_padding_tablet=&#8220;&#8220; custom_padding_phone=&#8220;2px||0px||false|false&#8220; global_colors_info=&#8220;{}&#8220;][et_pb_column type=&#8220;1_2&#8243; _builder_version=&#8220;4.16&#8243; global_colors_info=&#8220;{}&#8220;][et_pb_text _builder_version=&#8220;4.16&#8243; width_tablet=&#8220;100%&#8220; width_phone=&#8220;&#8220; width_last_edited=&#8220;on|desktop&#8220; global_colors_info=&#8220;{}&#8220;]<\/p>\n<h1>Cosa pensano di me\/Dichiarazioni<\/h1>\n<p>I clienti soddisfatti mi rendono felice e orgoglioso. Sono sempre contento quando riesco a soddisfare a pieno le loro aspettative sorprendendoli con esclusivit\u00e0.[\/et_pb_text][\/et_pb_column][et_pb_column type=&#8220;1_2&#8243; _builder_version=&#8220;4.16&#8243; global_colors_info=&#8220;{}&#8220;][\/et_pb_column][\/et_pb_row][et_pb_row column_structure=&#8220;1_2,1_2&#8243; _builder_version=&#8220;4.16&#8243; width_tablet=&#8220;&#8220; width_phone=&#8220;100%&#8220; width_last_edited=&#8220;on|phone&#8220; custom_padding=&#8220;16px||16px||true|&#8220; global_colors_info=&#8220;{}&#8220;][et_pb_column type=&#8220;1_2&#8243; _builder_version=&#8220;4.16&#8243; global_colors_info=&#8220;{}&#8220;][et_pb_blurb use_icon=&#8220;on&#8220; font_icon=&#8220;&#x5c;||divi||400&#8243; icon_placement=&#8220;left&#8220; content_max_width=&#8220;100%&#8220; _builder_version=&#8220;4.16&#8243; width=&#8220;100%&#8220; width_tablet=&#8220;&#8220; width_phone=&#8220;80%&#8220; width_last_edited=&#8220;on|phone&#8220; custom_margin=&#8220;30px||30px||false|false&#8220; custom_padding=&#8220;0px|0px|0px|0px||&#8220; module_alignment_tablet=&#8220;&#8220; module_alignment_phone=&#8220;center&#8220; module_alignment_last_edited=&#8220;on|phone&#8220; global_colors_info=&#8220;{}&#8220;]<\/p>\n<p>Scattare belle foto delle Dolomiti non \u00e8 un&#8217;arte? Probabilmente \u00e8 vero&#8230; Ma le foto di Harald per il Dolomiti Superski lo sono!<\/p>\n<p>Riesce a unire in un&#8217;unica immagine la bellezza dei nostri luoghi con le emozioni, riuscendo cos\u00ec a trasmettere esattamente quello che siamo e sentiamo, molto pi\u00f9 di una comune meta sciistica!<\/p>\n<p>Harald fa gi\u00e0 la grande differenza quando pianifica le riprese. Il suo aiuto nell&#8217;organizzazione, la sua esperienza, la sua flessibilit\u00e0 e la sua determinazione a creare sempre qualcosa di nuovo fanno delle foto fantastiche! I suoi modi rilassati e il suo dialetto pusterese fanno s\u00ec che tutti si sentano a proprio agio davanti al suo obiettivo e si divertano a lavorare con lui, anche se spesso si dice &#8222;des mochma now neamo!&#8220;<\/p>\n<p>Silvia Insam \u2013 Marketing Dolomitisuperski<\/p>\n<p>[\/et_pb_blurb][et_pb_image src=&#8220;https:\/\/www.wisthaler.com\/wp-content\/uploads\/2023\/04\/\u00a9wisthaler.com_23_04_3z_portrait_enrosadira_OR.jpg&#8220; _builder_version=&#8220;4.19.4&#8243; hover_enabled=&#8220;0&#8243; global_colors_info=&#8220;{}&#8220; title_text=&#8220;\u00a9wisthaler.com_23_04_3z_portrait_enrosadira_OR&#8220; sticky_enabled=&#8220;0&#8243;][\/et_pb_image][et_pb_blurb use_icon=&#8220;on&#8220; font_icon=&#8220;&#x5c;||divi||400&#8243; icon_placement=&#8220;left&#8220; content_max_width=&#8220;100%&#8220; _builder_version=&#8220;4.16&#8243; width=&#8220;100%&#8220; width_tablet=&#8220;&#8220; width_phone=&#8220;80%&#8220; width_last_edited=&#8220;on|phone&#8220; custom_margin=&#8220;30px||30px||false|false&#8220; custom_padding=&#8220;0px|0px|0px|0px||&#8220; module_alignment_tablet=&#8220;&#8220; module_alignment_phone=&#8220;center&#8220; module_alignment_last_edited=&#8220;on|phone&#8220; global_colors_info=&#8220;{}&#8220;]<\/p>\n<p>Aspettative, concentrazione, tensione e sentimento. Tutto questo \u00e8 Coppa del Mondo Val Gardena. Raccontarlo per immagini non \u00e8 facile. I bravi fotografi dovrebbero provare le stesse impressioni degli atleti o degli spettatori. Harald non ha semplicemente raccontato la storia della Saslong Classic. \u00c8 anche riuscito a trasmettere impressioni ed esperienze agli spettatori delle sue foto in modo eccezionale.<\/p>\n<p>Claudia Rifesser \u2013 Coppa del mondo di sci alpino Fis Gardena \/ Val Gardena<\/p>\n<p>[\/et_pb_blurb][et_pb_image src=&#8220;https:\/\/www.wisthaler.com\/wp-content\/uploads\/2020\/01\/riffeser.jpg&#8220; _builder_version=&#8220;4.19.4&#8243; width=&#8220;100%&#8220; custom_margin=&#8220;|-444px|-3px|||&#8220; custom_padding=&#8220;|1px||||&#8220; hover_enabled=&#8220;0&#8243; global_colors_info=&#8220;{}&#8220; alt=&#8220;Skialpin Fahrerin lehnt ihren Kopf an die Ski.&#8220; title_text=&#8220;riffeser&#8220; sticky_enabled=&#8220;0&#8243;][\/et_pb_image][et_pb_blurb use_icon=&#8220;on&#8220; font_icon=&#8220;&#x5c;||divi||400&#8243; icon_placement=&#8220;left&#8220; content_max_width=&#8220;100%&#8220; content_max_width_tablet=&#8220;&#8220; content_max_width_phone=&#8220;80%&#8220; content_max_width_last_edited=&#8220;on|phone&#8220; _builder_version=&#8220;4.16&#8243; custom_margin=&#8220;85px||0px||false|false&#8220; custom_padding=&#8220;0px||||false|false&#8220; global_colors_info=&#8220;{}&#8220;]<\/p>\n<p>Lavorare con Harald \u00e8 semplicemente un piacere! Ti capisce a prima vista! Legge dai tuoi occhi quello che staresti fotografando in questo momento e quindi lo fa per te e mette su carta ogni singolo dettaglio! Con lui puoi fotografare di tutto dal panorama al minimo dettaglio perch\u00e9 ha tutto nello zaino, mi chiedo spesso cosa si porti dietro? Ma poi capisco cosa vuol dire semplice dedizione ed \u00e8 l\u00ec dentro, semplicemente efficiente, veloce e solo il sole e la luce sono le sue preoccupazioni, perch\u00e9 altrimenti pensa solo a cogliere il &#8222;click&#8220; della giornata!<\/p>\n<p>Posso solo dire grande e grazie e non vedo l&#8217;ora che arrivi il prossimo servizio fotografico insieme.<\/p>\n<p>Igor Marzola \u2013 Amministratore Delegato Piz Sella \/ Rif.Comici<\/p>\n<p>[\/et_pb_blurb][et_pb_image src=&#8220;https:\/\/www.wisthaler.com\/wp-content\/uploads\/2022\/02\/statements.jpg&#8220; _builder_version=&#8220;4.19.4&#8243; hover_enabled=&#8220;0&#8243; global_colors_info=&#8220;{}&#8220; title_text=&#8220;www.wisthaler.com &#8211; Harald Wisthaler&#8220; sticky_enabled=&#8220;0&#8243;][\/et_pb_image][et_pb_blurb use_icon=&#8220;on&#8220; font_icon=&#8220;&#x5c;||divi||400&#8243; icon_placement=&#8220;left&#8220; content_max_width=&#8220;100%&#8220; content_max_width_tablet=&#8220;&#8220; content_max_width_phone=&#8220;80%&#8220; content_max_width_last_edited=&#8220;on|phone&#8220; _builder_version=&#8220;4.16&#8243; custom_margin=&#8220;90px||0px||false|false&#8220; custom_padding=&#8220;0px||||false|false&#8220; global_colors_info=&#8220;{}&#8220;]<\/p>\n<p>Lavoriamo con Harald da molto tempo e siamo entusiasti del suo lavoro e della sua professionalit\u00e0.<br \/>Immagini belle e significative sono la chiave per una presenza efficace su Internet e sulla carta stampata.<\/p>\n<p>Katja e Hannes Feichter \u2013 Hotel Alpen Tesitin<\/p>\n<p>[\/et_pb_blurb][et_pb_image src=&#8220;https:\/\/www.wisthaler.com\/wp-content\/uploads\/2020\/01\/alpentesitin.jpg&#8220; _builder_version=&#8220;4.16&#8243; width=&#8220;100%&#8220; custom_margin=&#8220;||||false|false&#8220; custom_padding=&#8220;||||false|false&#8220; global_colors_info=&#8220;{}&#8220;][\/et_pb_image][et_pb_blurb use_icon=&#8220;on&#8220; font_icon=&#8220;&#x5c;||divi||400&#8243; icon_placement=&#8220;left&#8220; content_max_width=&#8220;100%&#8220; content_max_width_tablet=&#8220;&#8220; content_max_width_phone=&#8220;80%&#8220; content_max_width_last_edited=&#8220;on|phone&#8220; _builder_version=&#8220;4.16&#8243; custom_margin=&#8220;90px||30px||false|false&#8220; custom_padding=&#8220;0px||||false|false&#8220; global_colors_info=&#8220;{}&#8220;]<\/p>\n<p>Emozioni pure abbinate alla bellezza della natura: le foto di Harald portano la sua firma molto personale e inconfondibile. Per i nostri eventi come Per la GORE-TEX\u00ae Transalpine Run, abbiamo sempre bisogno di nuovi approcci creativi per presentare il nostro marchio nel mondo outdoor. Harald \u00e8 il partner giusto qui. \u00c8 esigente e appassionato del suo lavoro, ma non dimentica mai il fattore umano. Questo rende le sue foto molto speciali.<\/p>\n<p>Annette Hanssum \u2013 Marketing e pubbliche relazioni Prodotto GORE-TEX<\/p>\n<p>[\/et_pb_blurb][et_pb_image src=&#8220;https:\/\/www.wisthaler.com\/wp-content\/uploads\/2020\/03\/19_04_Gore_speedhiking_HA2_6854.jpg&#8220; _builder_version=&#8220;4.16&#8243; width=&#8220;100%&#8220; custom_margin=&#8220;||||false|false&#8220; custom_padding=&#8220;||||false|false&#8220; global_colors_info=&#8220;{}&#8220;][\/et_pb_image][et_pb_blurb use_icon=&#8220;on&#8220; font_icon=&#8220;&#x5c;||divi||400&#8243; icon_placement=&#8220;left&#8220; content_max_width=&#8220;100%&#8220; content_max_width_tablet=&#8220;&#8220; content_max_width_phone=&#8220;80%&#8220; content_max_width_last_edited=&#8220;on|phone&#8220; _builder_version=&#8220;4.16&#8243; custom_margin=&#8220;90px||||false|false&#8220; custom_padding=&#8220;||||false|false&#8220; global_colors_info=&#8220;{}&#8220;]<\/p>\n<p>Harald \u00e8 disponibile per ogni tipo di fotografia, ha una buona sensibilit\u00e0 per i punti di vista speciali e riconosce il momento per creare messaggi visivi significativi. Lavora in modo altamente professionale, ha buone idee e fornisce risultati di alta qualit\u00e0.<\/p>\n<p>Rainer Birgit \u2013 Marketing Prinoth AG<\/p>\n<p>[\/et_pb_blurb][et_pb_image src=&#8220;https:\/\/www.wisthaler.com\/wp-content\/uploads\/2020\/01\/prinoth.jpg&#8220; _builder_version=&#8220;4.16&#8243; width=&#8220;100%&#8220; custom_margin=&#8220;|-444px|-3px|||&#8220; custom_padding=&#8220;|1px||||&#8220; global_colors_info=&#8220;{}&#8220;][\/et_pb_image][et_pb_blurb use_icon=&#8220;on&#8220; font_icon=&#8220;&#x5c;||divi||400&#8243; icon_placement=&#8220;left&#8220; content_max_width=&#8220;100%&#8220; content_max_width_tablet=&#8220;&#8220; content_max_width_phone=&#8220;80%&#8220; content_max_width_last_edited=&#8220;on|phone&#8220; _builder_version=&#8220;4.16&#8243; custom_margin=&#8220;90px||||false|false&#8220; custom_padding=&#8220;||||false|false&#8220; global_colors_info=&#8220;{}&#8220;]<\/p>\n<p>Viking Footwear si \u00e8 prefissata l&#8217;obiettivo di portare le prestazioni alla natura con i suoi prodotti. Con un fotografo come Harald, abbiamo un partner perfetto che cattura proprio questi elementi con la sua macchina fotografica: natura e performance. Combina sempre l&#8217;estetica con le emozioni nelle sue immagini, senza mai perdere la concentrazione sull&#8217;oggetto centrale. Questa combinazione crea immagini significative per Viking Footwear che riflettono perfettamente il nostro messaggio #EDIAX (EveryDayIsAnExpedition).<\/p>\n<p>Helma Tobies \u2013 Amministratore delegato di Viking Footwear GmbH<\/p>\n<p>[\/et_pb_blurb][et_pb_image src=&#8220;https:\/\/www.wisthaler.com\/wp-content\/uploads\/2020\/01\/viking.jpg&#8220; _builder_version=&#8220;4.16&#8243; width=&#8220;100%&#8220; custom_margin=&#8220;|-444px|-3px|||&#8220; custom_padding=&#8220;|1px||||&#8220; global_colors_info=&#8220;{}&#8220;][\/et_pb_image][et_pb_blurb use_icon=&#8220;on&#8220; font_icon=&#8220;&#x5c;||divi||400&#8243; icon_placement=&#8220;left&#8220; content_max_width=&#8220;100%&#8220; content_max_width_tablet=&#8220;&#8220; content_max_width_phone=&#8220;80%&#8220; content_max_width_last_edited=&#8220;on|phone&#8220; _builder_version=&#8220;4.16&#8243; custom_margin=&#8220;90px||||false|false&#8220; custom_padding=&#8220;||||false|false&#8220; global_colors_info=&#8220;{}&#8220;]<\/p>\n<p>Harald \u00e8 caratterizzato da impegno, professionalit\u00e0 e sforzo fisico letteralmente completo. Questo crea immagini che parlano da sole e catturano il momento con il giusto stato d&#8217;animo ed emozione. Harald sa anche come creare un&#8217;atmosfera molto piacevole durante le riprese, in cui tutte le persone coinvolte si divertono a lavorare sull&#8217;argomento.<\/p>\n<p>Christina Knoll \u2013 Responsabile Marketing Hotel Dolce Vita<\/p>\n<p>[\/et_pb_blurb][et_pb_image src=&#8220;https:\/\/www.wisthaler.com\/wp-content\/uploads\/2022\/02\/webseite170.jpg&#8220; _builder_version=&#8220;4.19.4&#8243; width=&#8220;100%&#8220; custom_margin=&#8220;||||false|false&#8220; custom_padding=&#8220;||||false|false&#8220; hover_enabled=&#8220;0&#8243; global_colors_info=&#8220;{}&#8220; title_text=&#8220;www.wisthaler.com &#8211; Harald Wisthaler&#8220; sticky_enabled=&#8220;0&#8243;][\/et_pb_image][et_pb_blurb use_icon=&#8220;on&#8220; font_icon=&#8220;&#x5c;||divi||400&#8243; icon_placement=&#8220;left&#8220; content_max_width=&#8220;100%&#8220; content_max_width_tablet=&#8220;&#8220; content_max_width_phone=&#8220;80%&#8220; content_max_width_last_edited=&#8220;on|phone&#8220; _builder_version=&#8220;4.16&#8243; custom_margin=&#8220;90px||||false|false&#8220; custom_padding=&#8220;||||false|false&#8220; global_colors_info=&#8220;{}&#8220;]<\/p>\n<p>Quando progetto e costruisco una casa, mi concentro sull&#8217;attuazione coerente dell&#8217;idea. Una volta che la casa \u00e8 finita, sarebbe impossibile per me fotografare la casa da solo perch\u00e9 non ho la distanza da essa (e non potrei). \u00c8 qui che entra in gioco Harald, che va a lavorare con una prospettiva nuova e cattura la casa, l&#8217;arredamento, l&#8217;oggetto&#8230; con i suoi mezzi. Adoro il momento in cui vedo le foto di Harald per la prima volta e di solito rimango molto positivamente sorpreso.<\/p>\n<p>Sempre Harold<\/p>\n<p>Arch. Hitthaler<\/p>\n<p>[\/et_pb_blurb][et_pb_image src=&#8220;https:\/\/www.wisthaler.com\/wp-content\/uploads\/2022\/02\/webseite143.jpg&#8220; _builder_version=&#8220;4.19.4&#8243; width=&#8220;100%&#8220; custom_margin=&#8220;||||false|false&#8220; custom_padding=&#8220;||||false|false&#8220; hover_enabled=&#8220;0&#8243; global_colors_info=&#8220;{}&#8220; title_text=&#8220;www.wisthaler.com &#8211; Harald Wisthaler&#8220; sticky_enabled=&#8220;0&#8243;][\/et_pb_image][et_pb_blurb use_icon=&#8220;on&#8220; font_icon=&#8220;&#x5c;||divi||400&#8243; icon_placement=&#8220;left&#8220; content_max_width=&#8220;100%&#8220; content_max_width_tablet=&#8220;&#8220; content_max_width_phone=&#8220;80%&#8220; content_max_width_last_edited=&#8220;on|phone&#8220; _builder_version=&#8220;4.16&#8243; custom_margin=&#8220;90px||||false|false&#8220; custom_padding=&#8220;||||false|false&#8220; global_colors_info=&#8220;{}&#8220;]<\/p>\n<p>Harald ha sempre un atteggiamento positivo nel fare le cose. Sia negli eventi che anche nei fotoshooting preparati, trova costantemente l\u2019espressione e il dettaglio giusto nelle sue foto. Sa ascoltare i suoi clienti e riesce a capire all\u2019istante i bisogni che hanno.<\/p>\n<p><em>Alexia Demez \u2013 NOI Marketing<span class=\"Apple-converted-space\">\u00a0<\/span><\/em><\/p>\n<p>[\/et_pb_blurb][et_pb_image src=&#8220;https:\/\/www.wisthaler.com\/wp-content\/uploads\/2020\/01\/NOI.jpg&#8220; _builder_version=&#8220;4.16&#8243; width=&#8220;100%&#8220; custom_margin=&#8220;||||false|false&#8220; custom_padding=&#8220;||||false|false&#8220; global_colors_info=&#8220;{}&#8220;][\/et_pb_image][et_pb_blurb use_icon=&#8220;on&#8220; font_icon=&#8220;&#x5c;||divi||400&#8243; icon_placement=&#8220;left&#8220; content_max_width=&#8220;100%&#8220; content_max_width_tablet=&#8220;&#8220; content_max_width_phone=&#8220;80%&#8220; content_max_width_last_edited=&#8220;on|phone&#8220; _builder_version=&#8220;4.16&#8243; custom_margin=&#8220;90px||||false|false&#8220; custom_padding=&#8220;||||false|false&#8220; global_colors_info=&#8220;{}&#8220;]<\/p>\n<p>Avevo visto alcune foto di Harald e gi\u00e0 allora avevo notato lo speciale occhio fotografico, la naturalezza delle sue foto e la grande luce. Ora ho avuto il piacere di lavorare con lui in diverse occasioni ed \u00e8 davvero un piacere. Harald \u00e8 semplice, professionale e sempre amichevole. Posso davvero solo raccomandarlo. \u00c8 molto creativo e risponde sempre individualmente a desideri e bisogni, porta idee e suggerimenti e li realizza meravigliosamente.<\/p>\n<p>Giada Vesentini \u2013 Organizzazione eventi Renon<\/p>\n<p>[\/et_pb_blurb][et_pb_image src=&#8220;https:\/\/www.wisthaler.com\/wp-content\/uploads\/2020\/01\/ritten.jpg&#8220; _builder_version=&#8220;4.16&#8243; width=&#8220;100%&#8220; custom_margin=&#8220;|-444px|-3px|||&#8220; custom_padding=&#8220;|1px||||&#8220; global_colors_info=&#8220;{}&#8220;][\/et_pb_image][et_pb_blurb use_icon=&#8220;on&#8220; font_icon=&#8220;&#x5c;||divi||400&#8243; icon_placement=&#8220;left&#8220; content_max_width=&#8220;100%&#8220; content_max_width_tablet=&#8220;&#8220; content_max_width_phone=&#8220;80%&#8220; content_max_width_last_edited=&#8220;on|phone&#8220; _builder_version=&#8220;4.16&#8243; custom_margin=&#8220;90px||||false|false&#8220; custom_padding=&#8220;||||false|false&#8220; global_colors_info=&#8220;{}&#8220;]<\/p>\n<p>Abbiamo sempre avuto un fotografo molto affidabile in Harald.<\/p>\n<p>Per noi \u00e8 stata una scelta naturale averlo fin dall&#8217;inizio alla gara di Coppa del Mondo di Plan de Corones. Anche se abbiamo la gara da diversi anni ormai, \u00e8 sempre riuscito a catturare nuovi &#8222;attraenti&#8220;.<\/p>\n<p>Con lui non ci si annoia mai e le sue foto sono diverse ogni anno. \u00c8 anche molto flessibile e sempre aperto a nuove idee.<\/p>\n<p>Paul Pisching \u2013 General Manager Coppa del Mondo Plan de Corones<\/p>\n<p>[\/et_pb_blurb][et_pb_image src=&#8220;https:\/\/www.wisthaler.com\/wp-content\/uploads\/2022\/02\/webseite53.jpg&#8220; _builder_version=&#8220;4.19.4&#8243; width=&#8220;100%&#8220; custom_margin=&#8220;|-444px|-3px|||&#8220; custom_padding=&#8220;|1px||||&#8220; hover_enabled=&#8220;0&#8243; global_colors_info=&#8220;{}&#8220; title_text=&#8220;www.wisthaler.com &#8211; Harald Wisthaler&#8220; sticky_enabled=&#8220;0&#8243;][\/et_pb_image][et_pb_blurb use_icon=&#8220;on&#8220; font_icon=&#8220;&#x5c;||divi||400&#8243; icon_placement=&#8220;left&#8220; content_max_width=&#8220;100%&#8220; content_max_width_tablet=&#8220;&#8220; content_max_width_phone=&#8220;80%&#8220; content_max_width_last_edited=&#8220;on|phone&#8220; _builder_version=&#8220;4.16&#8243; custom_margin=&#8220;90px||||false|false&#8220; custom_padding=&#8220;||||false|false&#8220; global_colors_info=&#8220;{}&#8220;]<\/p>\n<p>Puoi contare su Harald: dall&#8217;organizzazione delle riprese ai ritocchi finali dell&#8217;elaborazione delle immagini, \u00e8 presente con mano e mente.<br \/>Realizza le nostre idee in modo professionale e semplice: questo \u00e8 ci\u00f2 che rende divertente lavorare insieme!<\/p>\n<p>Michaela Kronbichler \u2013 IDM Alto Adige \u2013 Alto Adige<\/p>\n<p>[\/et_pb_blurb][et_pb_image src=&#8220;https:\/\/www.wisthaler.com\/wp-content\/uploads\/2020\/01\/IDM.jpg&#8220; _builder_version=&#8220;4.16&#8243; width=&#8220;100%&#8220; custom_margin=&#8220;|-444px|-3px|||&#8220; custom_padding=&#8220;|1px||||&#8220; global_colors_info=&#8220;{}&#8220;][\/et_pb_image][et_pb_blurb use_icon=&#8220;on&#8220; font_icon=&#8220;&#x5c;||divi||400&#8243; icon_placement=&#8220;left&#8220; content_max_width=&#8220;100%&#8220; content_max_width_tablet=&#8220;&#8220; content_max_width_phone=&#8220;80%&#8220; content_max_width_last_edited=&#8220;on|phone&#8220; _builder_version=&#8220;4.16&#8243; custom_margin=&#8220;90px||||false|false&#8220; custom_padding=&#8220;||||false|false&#8220; global_colors_info=&#8220;{}&#8220;]<\/p>\n<p>Le riprese con Harald sono sempre un nuovo avventuriero, dove dimostra la sua professionalit\u00e0, flessibilit\u00e0 ed eccellente forma atletica e quindi offre ogni anno immagini fantastiche e dinamiche.<br \/>Con la sua natura semplice ed entusiasta, lavorare con lui \u00e8 semplicemente divertente e quindi non vedo l&#8217;ora di continuare le riprese nello scenario montano pi\u00f9 bello del mondo!<\/p>\n<p>Daniela Holzknecht \u2013 Marketing Comunicazione Dolomiti SuperSummer<\/p>\n<p>[\/et_pb_blurb][et_pb_image src=&#8220;https:\/\/www.wisthaler.com\/wp-content\/uploads\/2020\/03\/18_07_dolomitisuperski_hiking_HAW_2454.jpg&#8220; _builder_version=&#8220;4.16&#8243; width=&#8220;100%&#8220; custom_margin=&#8220;|-444px|-3px|||&#8220; custom_padding=&#8220;|1px||||&#8220; global_colors_info=&#8220;{}&#8220;][\/et_pb_image][\/et_pb_column][et_pb_column type=&#8220;1_2&#8243; _builder_version=&#8220;4.16&#8243; global_colors_info=&#8220;{}&#8220;][et_pb_blurb use_icon=&#8220;on&#8220; font_icon=&#8220;&#x5c;||divi||400&#8243; icon_placement=&#8220;left&#8220; content_max_width=&#8220;100%&#8220; content_max_width_tablet=&#8220;&#8220; content_max_width_phone=&#8220;80%&#8220; content_max_width_last_edited=&#8220;on|phone&#8220; _builder_version=&#8220;4.16&#8243; custom_margin=&#8220;0px||0px||false|false&#8220; custom_padding=&#8220;0px||0px||false|false&#8220; global_colors_info=&#8220;{}&#8220;]<\/p>\n<p>La sfida della fotografia sportiva, soprattutto in occasione di eventi, \u00e8 sempre che non puoi mai pianificare al 100%. La luce, gli atleti, le velocit\u00e0, i momenti sono sempre diversi. Harald riesce sempre a fotografare i nostri atleti in modo credibile, reale e ben ripreso. Apprezzo particolarmente la sua indipendenza e autonomia. C&#8217;\u00e8 anche una grande porzione di simpatia, perch\u00e9 lavorare insieme \u00e8 sempre divertente e semplice.<\/p>\n<p>Alexander Nehls \u2013 Direttore marketing internazionale di Dynafit<\/p>\n<p>&nbsp;<\/p>\n<p>[\/et_pb_blurb][et_pb_image src=&#8220;https:\/\/www.wisthaler.com\/wp-content\/uploads\/2020\/01\/dynafit.jpg&#8220; _builder_version=&#8220;4.19.4&#8243; hover_enabled=&#8220;0&#8243; global_colors_info=&#8220;{}&#8220; sticky_enabled=&#8220;0&#8243;][\/et_pb_image][et_pb_blurb use_icon=&#8220;on&#8220; font_icon=&#8220;&#x5c;||divi||400&#8243; icon_placement=&#8220;left&#8220; content_max_width=&#8220;100%&#8220; content_max_width_tablet=&#8220;&#8220; content_max_width_phone=&#8220;80%&#8220; content_max_width_last_edited=&#8220;on|phone&#8220; _builder_version=&#8220;4.16&#8243; width=&#8220;100%&#8220; custom_margin=&#8220;96px||30px||false|false&#8220; custom_padding=&#8220;0px|0px|0px|0px||&#8220; global_colors_info=&#8220;{}&#8220;]<\/p>\n<p>\u201cLe emozioni sono una parte essenziale di tutti gli eventi, compresi i nostri. Le immagini rendono tangibile l&#8217;unicit\u00e0 per gli altri e offrono ai partecipanti un ricordo indelebile. Non conosco quasi nessuno che riesca a catturare il paesaggio unico del GGUT combinato con tutte le emozioni come Harald. A causa di altri impegni, ci sono voluti alcuni tentativi per conquistare Harald per noi. E ora siamo solo felici che Harald faccia parte del nostro team.<\/p>\n<p>Hubert Resch \u2013 Va bene OK<\/p>\n<p>[\/et_pb_blurb][et_pb_image src=&#8220;https:\/\/www.wisthaler.com\/wp-content\/uploads\/2022\/02\/webseite1-2.jpg&#8220; align=&#8220;right&#8220; _builder_version=&#8220;4.19.4&#8243; custom_margin=&#8220;||2px|||&#8220; custom_padding=&#8220;|0px||0px||&#8220; hover_enabled=&#8220;0&#8243; global_colors_info=&#8220;{}&#8220; title_text=&#8220;www.wisthaler.com &#8211; Harald Wisthaler&#8220; sticky_enabled=&#8220;0&#8243;][\/et_pb_image][et_pb_blurb use_icon=&#8220;on&#8220; font_icon=&#8220;&#x5c;||divi||400&#8243; icon_placement=&#8220;left&#8220; content_max_width=&#8220;100%&#8220; content_max_width_tablet=&#8220;&#8220; content_max_width_phone=&#8220;80%&#8220; content_max_width_last_edited=&#8220;on|phone&#8220; _builder_version=&#8220;4.16&#8243; width=&#8220;100%&#8220; custom_margin=&#8220;90px||||false|false&#8220; custom_padding=&#8220;0px|0px|0px|0px||&#8220; global_colors_info=&#8220;{}&#8220;]<\/p>\n<p>Bilder sind nicht gleich Bilder!<\/p>\n<p>Die Schwierigkeit R\u00e4ume vollst\u00e4ndig und gleichm\u00e4\u00dfig zu beleuchten, den richtigen Blick gepaart mit einer guten Post-Produktion; das alles macht ein gutes Bild aus.<\/p>\n<p>Wir sind froh in Harald einen Partner gefunden zu haben, der all diese F\u00e4higkeiten vereint. In der Organisation sehr zuvorkommend, selbst\u00e4ndig und innovativ in der Umsetzung. Wir sch\u00e4tzen Ihn sehr als Mensch und als Fotograf und w\u00fcnschen Ihm f\u00fcr seine Zukunft nur das Beste<\/p>\n<p>#empfehlenswert<\/p>\n<p>Michael Zimmerhofer \u2013 Alpin Luxury SPA Resort Schwarzenstein\u00a0<\/p>\n<p><span style=\"font-family: inherit; font-weight: normal;\"><\/span><\/p>\n<p>[\/et_pb_blurb][et_pb_image src=&#8220;https:\/\/www.wisthaler.com\/wp-content\/uploads\/2023\/04\/\u00a9wisthaler.com_23_04_3z_portrait_\u00a9wisthaler.com_22_08_schwarzenstein_DSC_3824.jpg&#8220; align=&#8220;right&#8220; _builder_version=&#8220;4.19.4&#8243; custom_margin=&#8220;||2px|||&#8220; custom_padding=&#8220;|0px||0px||&#8220; hover_enabled=&#8220;0&#8243; global_colors_info=&#8220;{}&#8220; title_text=&#8220;www.wisthaler.com &#8211; Harald Wisthaler&#8220; sticky_enabled=&#8220;0&#8243;][\/et_pb_image][et_pb_blurb use_icon=&#8220;on&#8220; font_icon=&#8220;&#x5c;||divi||400&#8243; icon_placement=&#8220;left&#8220; content_max_width=&#8220;100%&#8220; content_max_width_tablet=&#8220;&#8220; content_max_width_phone=&#8220;80%&#8220; content_max_width_last_edited=&#8220;on|phone&#8220; _builder_version=&#8220;4.16&#8243; width=&#8220;100%&#8220; custom_margin=&#8220;90px||||false|false&#8220; custom_padding=&#8220;0px|0px|0px|0px||&#8220; global_colors_info=&#8220;{}&#8220;]<\/p>\n<p>Il marchio 3 Zinnen Dolomites \u00e8 distintivo, con montagne aspre e persone con i piedi per terra &#8211; una regione con spigoli vivi. Harald riesce a ritrarre proprio questo carattere distintivo attraverso il suo obiettivo, a rendere percepibili le aspre e imponenti Dolomiti ea rappresentare la natura genuina e concreta dei modelli. Con il suo modo professionale e semplice, \u00e8 molto piacevole lavorare con lui. Inoltre, ha occhio per i dettagli: nota subito una fibbia di uno scarpone da sci aperta o uno zaino non abbastanza pieno. \u00c8 bello poter lavorare insieme ad Harald a &#8222;casa nostra&#8220;.<\/p>\n<p>Stefanie Pfeifhofer \u2013 Comunicazione di marketing<\/p>\n<p>[\/et_pb_blurb][et_pb_image src=&#8220;https:\/\/www.wisthaler.com\/wp-content\/uploads\/2022\/02\/webseite176.jpg&#8220; align=&#8220;right&#8220; _builder_version=&#8220;4.19.4&#8243; custom_margin=&#8220;||2px|||&#8220; custom_padding=&#8220;|0px||0px||&#8220; hover_enabled=&#8220;0&#8243; global_colors_info=&#8220;{}&#8220; title_text=&#8220;www.wisthaler.com &#8211; Harald Wisthaler&#8220; sticky_enabled=&#8220;0&#8243;][\/et_pb_image][et_pb_blurb use_icon=&#8220;on&#8220; font_icon=&#8220;&#x5c;||divi||400&#8243; icon_placement=&#8220;left&#8220; content_max_width=&#8220;100%&#8220; content_max_width_tablet=&#8220;&#8220; content_max_width_phone=&#8220;80%&#8220; content_max_width_last_edited=&#8220;on|phone&#8220; _builder_version=&#8220;4.16&#8243; width=&#8220;100%&#8220; custom_margin=&#8220;90px||||false|false&#8220; custom_padding=&#8220;0px|0px|0px|0px||&#8220; global_colors_info=&#8220;{}&#8220;]<\/p>\n<p>I motivi di Harald mi sono bruciati negli occhi anni fa. Foto affascinanti, prospettive stravaganti e idee nuove e fresche. A quel tempo ero ancora all&#8217;inizio delle mie attivit\u00e0 di slackline e nessuno di noi due poteva immaginare cosa avremmo fatto insieme di l\u00ec a pochi anni.<br \/>Nell&#8217;aprile 2008, tuttavia, Harald si \u00e8 infortunato gravemente durante l&#8217;arrampicata sportiva e, dopo questo evento drastico, \u00e8 comprensibilmente rimasto lontano dall&#8217;arrampicata fino a quando non gli ho chiesto della campagna highline sulle Tre Cime nell&#8217;estate 2011. All&#8217;inizio era scettico e si sentiva la sua paura parlare. Mi sono offerto di portarlo personalmente alle Tre Cime. Questo pensiero deve avergli dato fiducia e mi ha annuito con gli angoli della bocca alzati&#8230;<br \/>Abbiamo scelto il giorno pi\u00f9 caldo dell&#8217;anno per la campagna, la fortuna \u00e8 stata con noi. La nostra gioia in vetta \u00e8 stata superata dalla prima salita della highline.<br \/>\u00c8 stato un onore per me poter condurre Harald alle Tre Cime e creare una performance unica sull&#8217;Highline davanti al suo obiettivo per superare il suo trauma. Penso che un giorno abbia plasmato e influenzato molto il nostro rapporto reciproco! Scattare foto con Harald \u00e8 sempre puro piacere, semplice, veloce, preciso, senza allestimenti e lunghe pose. Sfrutta sempre perfettamente le location che ho scelto, una perfettamente complementare all&#8217;altra! Una buona combinazione le cui immagini parlano da sole.<\/p>\n<p>Armin Holzer \u2013 Slackliner \u2013 RIP<\/p>\n<p>[\/et_pb_blurb][et_pb_image src=&#8220;https:\/\/www.wisthaler.com\/wp-content\/uploads\/2020\/01\/armin.jpg&#8220; align=&#8220;right&#8220; _builder_version=&#8220;4.19.4&#8243; custom_margin=&#8220;||2px|||&#8220; custom_padding=&#8220;|0px||0px||&#8220; hover_enabled=&#8220;0&#8243; global_colors_info=&#8220;{}&#8220; alt=&#8220;Slackliner balanciert zwischen den Berggipfeln.&#8220; title_text=&#8220;armin&#8220; sticky_enabled=&#8220;0&#8243;][\/et_pb_image][et_pb_blurb use_icon=&#8220;on&#8220; font_icon=&#8220;&#x5c;||divi||400&#8243; icon_placement=&#8220;left&#8220; content_max_width=&#8220;80%&#8220; _builder_version=&#8220;4.16&#8243; width=&#8220;100%&#8220; custom_margin=&#8220;90px||||false|false&#8220; custom_padding=&#8220;0px|0px|0px|0px||&#8220; global_colors_info=&#8220;{}&#8220;]<\/p>\n<p>Le foto sono il miglior biglietto da visita di una destinazione sciistica. Le brutte foto sono una maledizione e possono causare danni economici. Grazie alla professionalit\u00e0 di Harald siamo riusciti ad aumentare il numero di sciatori!<\/p>\n<p>Andrea Del Frari \u2013 Direttore della rete Skirama Plan de Corones<\/p>\n<p>[\/et_pb_blurb][et_pb_image src=&#8220;https:\/\/www.wisthaler.com\/wp-content\/uploads\/2020\/01\/kronpaltz.jpg&#8220; align=&#8220;right&#8220; _builder_version=&#8220;4.19.4&#8243; custom_margin=&#8220;||2px|||&#8220; custom_padding=&#8220;|0px||0px||&#8220; hover_enabled=&#8220;0&#8243; global_colors_info=&#8220;{}&#8220; alt=&#8220;Skifahrer geniessen das strahlende Wetter auf der Piste des Kronplatz.&#8220; title_text=&#8220;kronpaltz&#8220; sticky_enabled=&#8220;0&#8243;][\/et_pb_image][et_pb_blurb use_icon=&#8220;on&#8220; font_icon=&#8220;&#x5c;||divi||400&#8243; icon_placement=&#8220;left&#8220; content_max_width=&#8220;80%&#8220; _builder_version=&#8220;4.16&#8243; width=&#8220;100%&#8220; custom_margin=&#8220;90px||||false|false&#8220; custom_padding=&#8220;0px|0px|0px|0px||&#8220; global_colors_info=&#8220;{}&#8220;]<\/p>\n<p>La creativit\u00e0 e la compostezza di Harald si traducono sempre in foto impressionanti. Abbiamo realizzato diversi progetti insieme e apprezziamo molto il suo occhio per i dettagli. Anche in ambienti che sembrano poco spettacolari, crea immagini molto speciali. La preparazione e il follow-up dei servizi fotografici sono sempre stati molto semplici ed efficienti.<\/p>\n<p>Non vediamo l&#8217;ora di progetti futuri!<\/p>\n<p>Matthias N. &#8211; Leitner AG<\/p>\n<p>[\/et_pb_blurb][et_pb_image src=&#8220;https:\/\/www.wisthaler.com\/wp-content\/uploads\/2022\/02\/statements.jpg&#8220; align=&#8220;right&#8220; _builder_version=&#8220;4.19.4&#8243; custom_margin=&#8220;||2px|||&#8220; custom_padding=&#8220;|0px||0px||&#8220; hover_enabled=&#8220;0&#8243; global_colors_info=&#8220;{}&#8220; alt=&#8220;Skifahrer geniessen das strahlende Wetter auf der Piste des Kronplatz.&#8220; title_text=&#8220;www.wisthaler.com &#8211; Harald Wisthaler&#8220; sticky_enabled=&#8220;0&#8243;][\/et_pb_image][et_pb_blurb use_icon=&#8220;on&#8220; font_icon=&#8220;&#x5c;||divi||400&#8243; icon_placement=&#8220;left&#8220; content_max_width=&#8220;100%&#8220; content_max_width_tablet=&#8220;&#8220; content_max_width_phone=&#8220;80%&#8220; content_max_width_last_edited=&#8220;on|phone&#8220; _builder_version=&#8220;4.16&#8243; width=&#8220;100%&#8220; custom_margin=&#8220;90px||||false|false&#8220; custom_padding=&#8220;0px|0px|0px|0px||&#8220; global_colors_info=&#8220;{}&#8220;]<\/p>\n<p>Circa 7 anni fa ho incontrato Harald per la prima volta durante uno shooting e mi \u00e8 stato subito chiaro che volevo che fosse l\u00ec per la prima versione non ufficiale di Springgingerle, all&#8217;epoca ancora su Klausberg. Da allora abbiamo scattato foto insieme ogni anno, organizzato lo Springgingerle e festeggiato di tanto in tanto \ud83d\ude09<\/p>\n<p>Markus Eder &#8211; Freeskier professionista<\/p>\n<p>[\/et_pb_blurb][et_pb_image src=&#8220;https:\/\/www.wisthaler.com\/wp-content\/uploads\/2022\/02\/webseite64.jpg&#8220; align=&#8220;right&#8220; _builder_version=&#8220;4.19.4&#8243; custom_margin=&#8220;||2px|||&#8220; custom_padding=&#8220;|0px||0px||&#8220; hover_enabled=&#8220;0&#8243; global_colors_info=&#8220;{}&#8220; alt=&#8220;Skifahrer geniessen das strahlende Wetter auf der Piste des Kronplatz.&#8220; title_text=&#8220;www.wisthaler.com &#8211; Harald Wisthaler&#8220; sticky_enabled=&#8220;0&#8243;][\/et_pb_image][et_pb_blurb use_icon=&#8220;on&#8220; font_icon=&#8220;&#x5c;||divi||400&#8243; icon_placement=&#8220;left&#8220; content_max_width=&#8220;100%&#8220; content_max_width_tablet=&#8220;&#8220; content_max_width_phone=&#8220;80%&#8220; content_max_width_last_edited=&#8220;on|phone&#8220; _builder_version=&#8220;4.16&#8243; width=&#8220;100%&#8220; custom_margin=&#8220;90px||||false|false&#8220; custom_padding=&#8220;0px|0px|0px|0px||&#8220; global_colors_info=&#8220;{}&#8220;]<\/p>\n<p>Lavoro con Harald da pi\u00f9 di un anno e non vedo l&#8217;ora che arrivino le date delle riprese. Harald \u00e8 un ragazzo amabile che assicura sempre un&#8217;atmosfera lavorativa piacevole e stimolante con il giusto mix di seriet\u00e0 e spirito &#8222;pustra&#8220;. Le sue foto sono fresche, giovani, dinamiche e da qualche parte riconosco sempre un pezzo di casa che apprezzo cos\u00ec tanto.<\/p>\n<p>Katherina Kompatscher \u2013 Societ\u00e0 di marketing SPORTLER<\/p>\n<p>[\/et_pb_blurb][et_pb_image src=&#8220;https:\/\/www.wisthaler.com\/wp-content\/uploads\/2020\/01\/sportler2.jpg&#8220; align=&#8220;right&#8220; _builder_version=&#8220;4.16&#8243; custom_margin=&#8220;||2px|||&#8220; custom_padding=&#8220;|0px||0px||&#8220; global_colors_info=&#8220;{}&#8220;][\/et_pb_image][et_pb_blurb use_icon=&#8220;on&#8220; font_icon=&#8220;&#x5c;||divi||400&#8243; icon_placement=&#8220;left&#8220; content_max_width=&#8220;100%&#8220; content_max_width_tablet=&#8220;&#8220; content_max_width_phone=&#8220;80%&#8220; content_max_width_last_edited=&#8220;on|phone&#8220; _builder_version=&#8220;4.16&#8243; width=&#8220;100%&#8220; custom_margin=&#8220;90px||||false|false&#8220; custom_padding=&#8220;0px|0px|0px|0px||&#8220; global_colors_info=&#8220;{}&#8220;]<\/p>\n<p>Ci piace sempre lavorare con Harald, indipendentemente dal fatto che abbiamo progetti interni o esterni. Tre cose caratterizzano la collaborazione con lui: gestione professionale, orientamento al cliente e ottime foto.<\/p>\n<p>Andreas Marmsoler \u2013 Global PR GORE-TEX e sponsorizzazione globale<\/p>\n<p>[\/et_pb_blurb][et_pb_image src=&#8220;https:\/\/www.wisthaler.com\/wp-content\/uploads\/2020\/01\/marmsoler_goretex.jpg&#8220; align=&#8220;right&#8220; _builder_version=&#8220;4.16&#8243; custom_margin=&#8220;||2px|||&#8220; custom_padding=&#8220;|0px||0px||&#8220; global_colors_info=&#8220;{}&#8220;][\/et_pb_image][et_pb_blurb use_icon=&#8220;on&#8220; font_icon=&#8220;&#x5c;||divi||400&#8243; icon_placement=&#8220;left&#8220; content_max_width=&#8220;100%&#8220; content_max_width_tablet=&#8220;&#8220; content_max_width_phone=&#8220;80%&#8220; content_max_width_last_edited=&#8220;on|phone&#8220; _builder_version=&#8220;4.16&#8243; width=&#8220;100%&#8220; custom_margin=&#8220;90px||||false|false&#8220; custom_padding=&#8220;0px|0px|0px|0px||&#8220; global_colors_info=&#8220;{}&#8220;]\u201cCi affidiamo a Wisthaler per un servizio qualitativo, veloce ed affidabile: Harald riesce a cogliere gli input di un brief e a trasformarli in realt\u00e0 con un servizio completo dalla scelta dei modelli alle location. Un valore aggiunto importante per un\u2019azienda.\u201d<\/p>\n<p><i><span class=\"Apple-converted-space\">\u00a0<\/span>Luca Mich &#8211; La Sportiva Marketing Operations Manager<\/i><\/p>\n<p>&nbsp;[\/et_pb_blurb][et_pb_image src=&#8220;https:\/\/www.wisthaler.com\/wp-content\/uploads\/2020\/01\/sportiva.jpg&#8220; align=&#8220;right&#8220; _builder_version=&#8220;4.16&#8243; custom_margin=&#8220;||2px|||&#8220; custom_padding=&#8220;|0px||0px||&#8220; global_colors_info=&#8220;{}&#8220;][\/et_pb_image][et_pb_blurb use_icon=&#8220;on&#8220; font_icon=&#8220;&#x5c;||divi||400&#8243; icon_placement=&#8220;left&#8220; content_max_width=&#8220;100%&#8220; content_max_width_tablet=&#8220;&#8220; content_max_width_phone=&#8220;80%&#8220; content_max_width_last_edited=&#8220;on|phone&#8220; _builder_version=&#8220;4.16&#8243; width=&#8220;100%&#8220; custom_margin=&#8220;90px||||false|false&#8220; custom_padding=&#8220;0px|0px|0px|0px||&#8220; global_colors_info=&#8220;{}&#8220;]<\/p>\n<p>Durante i servizi fotografici con Harald, impariamo ancora e ancora che la fotografia \u00e8 molto pi\u00f9 che premere semplicemente il pulsante dell&#8217;otturatore. Noi dei Winklerhotels abbiamo gi\u00e0 realizzato diversi scatti con lui e rimaniamo sempre piacevolmente sorpresi dall&#8217;impegno con cui affronta la questione!<\/p>\n<p>Con il suo occhio allenato, cattura situazioni emozionanti in modo semplice e mirato e le converte in immagini fantastiche e significative. Grazie al suo modo professionale e semplice, ogni servizio fotografico con Harald \u00e8 anche molto divertente.<\/p>\n<p>Nadia Mairvongraspeinten \u2013 Marketing Winkler Hotels<\/p>\n<p>[\/et_pb_blurb][et_pb_image src=&#8220;https:\/\/www.wisthaler.com\/wp-content\/uploads\/2020\/02\/winkler.jpg&#8220; align=&#8220;right&#8220; _builder_version=&#8220;4.19.4&#8243; custom_margin=&#8220;||2px|||&#8220; custom_padding=&#8220;|0px||0px||&#8220; hover_enabled=&#8220;0&#8243; global_colors_info=&#8220;{}&#8220; title_text=&#8220;www.wisthaler.com &#8211; Harald Wisthaler&#8220; sticky_enabled=&#8220;0&#8243;][\/et_pb_image][et_pb_blurb use_icon=&#8220;on&#8220; font_icon=&#8220;&#x5c;||divi||400&#8243; icon_placement=&#8220;left&#8220; content_max_width=&#8220;100%&#8220; content_max_width_tablet=&#8220;&#8220; content_max_width_phone=&#8220;80%&#8220; content_max_width_last_edited=&#8220;on|phone&#8220; _builder_version=&#8220;4.16&#8243; width=&#8220;100%&#8220; custom_margin=&#8220;90px||||false|false&#8220; custom_padding=&#8220;0px|0px|0px|0px||&#8220; global_colors_info=&#8220;{}&#8220;]<\/p>\n<p>Nessuna foto senza Harald. Questo \u00e8 il motto del nostro team, abituato al grande successo in termini di tecnologia dell&#8217;immagine. Con noi, ora \u00e8 andato cos\u00ec lontano che il team deve aver ceduto a una sorta di mania fotografica; le riprese non sono ancora finite, tutti stanno gi\u00e0 pensando a cosa mettere davanti alla telecamera dopo. Harald ha superato il freddo, il caldo e le aleggiate di nebbia che non volevano andarsene con noi quando aspettavamo cos\u00ec disperatamente l&#8217;alba, in completa serenit\u00e0. \u00c8 difficile credere a quanto Harald trasuda calma in una giornata lavorativa intensa. Trattenuto e senza arie, evoca centinaia di grandi scatti. Harald sembra sperimentare personalmente ogni foto quando la scatta. Consiglierei volentieri Harald a tutti, ma potrebbe avere meno tempo per noi<\/p>\n<p>Isabella W\u00fcrstle \u2013 Marketing WEM Active Tours<\/p>\n<p>[\/et_pb_blurb][et_pb_image src=&#8220;https:\/\/www.wisthaler.com\/wp-content\/uploads\/2020\/01\/wem.jpg&#8220; align=&#8220;right&#8220; _builder_version=&#8220;4.16&#8243; custom_margin=&#8220;||2px|||&#8220; custom_padding=&#8220;|0px||0px||&#8220; global_colors_info=&#8220;{}&#8220;][\/et_pb_image][\/et_pb_column][\/et_pb_row][et_pb_row _builder_version=&#8220;4.16&#8243; custom_padding=&#8220;58px|||||&#8220; saved_tabs=&#8220;all&#8220; global_colors_info=&#8220;{}&#8220;][et_pb_column type=&#8220;4_4&#8243; _builder_version=&#8220;4.16&#8243; global_colors_info=&#8220;{}&#8220;][et_pb_text _builder_version=&#8220;4.16&#8243; text_font=&#8220;|||on|||||&#8220; text_font_size=&#8220;16px&#8220; global_colors_info=&#8220;{}&#8220;]<\/p>\n<p class=\"p1\"><span class=\"s1\">Vai a:\u00a0\u00a0<strong><a href=\"https:\/\/www.wisthaler.com\/index.php\/portfolio\/sport-estivo\/?lang=it\">Sport Estivo<\/a><span class=\"s2\">\u00a0 <em>\/<\/em>\u00a0 <\/span><\/strong><\/span><strong><span class=\"s2\"><a href=\"https:\/\/www.wisthaler.com\/index.php\/portfolio\/sport-invernale\/?lang=it\">Sport Invernale<\/a>\u00a0\u00a0<em>\/\u00a0<\/em>\u00a0<a href=\"https:\/\/www.wisthaler.com\/index.php\/portfolio\/aziende\/?lang=it\">Aziende<\/a>\u00a0\u00a0<em>\/\u00a0<\/em>\u00a0<a href=\"https:\/\/www.wisthaler.com\/index.php\/portfolio\/turismo\/?lang=it\">Turismo<\/a>\u00a0\u00a0<em>\/<\/em>\u00a0 <a href=\"https:\/\/www.wisthaler.com\/index.php\/portfolio\/architettura\/?lang=it\">Architettura<\/a>\u00a0 <em>\/<\/em>\u00a0 <a href=\"https:\/\/www.wisthaler.com\/index.php\/portfolio\/natura\/?lang=it\">Natura<\/a>\u00a0\u00a0<em>\/<\/em>\u00a0 <a href=\"https:\/\/www.wisthaler.com\/index.php\/portfolio\/astratto\/?lang=it\">Astratto<\/a><\/span><\/strong><\/p>\n<p>[\/et_pb_text][\/et_pb_column][\/et_pb_row][\/et_pb_section]<\/p>\n","protected":false},"excerpt":{"rendered":"<p>Cosa pensano di me\/Dichiarazioni I clienti soddisfatti mi rendono felice e orgoglioso. Sono sempre contento quando riesco a soddisfare a pieno le loro aspettative sorprendendoli con esclusivit\u00e0.Scattare belle foto delle Dolomiti non \u00e8 un&#8217;arte? Probabilmente \u00e8 vero&#8230; Ma le foto di Harald per il Dolomiti Superski lo sono! Riesce a unire in un&#8217;unica immagine la [&hellip;]<\/p>\n","protected":false},"author":1,"featured_media":0,"parent":0,"menu_order":50,"comment_status":"closed","ping_status":"closed","template":"","meta":{"_et_pb_use_builder":"on","_et_pb_old_content":"","_et_gb_content_width":"","footnotes":""},"class_list":["post-870","page","type-page","status-publish","hentry"],"_links":{"self":[{"href":"https:\/\/www.wisthaler.com\/index.php\/wp-json\/wp\/v2\/pages\/870","targetHints":{"allow":["GET"]}}],"collection":[{"href":"https:\/\/www.wisthaler.com\/index.php\/wp-json\/wp\/v2\/pages"}],"about":[{"href":"https:\/\/www.wisthaler.com\/index.php\/wp-json\/wp\/v2\/types\/page"}],"author":[{"embeddable":true,"href":"https:\/\/www.wisthaler.com\/index.php\/wp-json\/wp\/v2\/users\/1"}],"replies":[{"embeddable":true,"href":"https:\/\/www.wisthaler.com\/index.php\/wp-json\/wp\/v2\/comments?post=870"}],"version-history":[{"count":12,"href":"https:\/\/www.wisthaler.com\/index.php\/wp-json\/wp\/v2\/pages\/870\/revisions"}],"predecessor-version":[{"id":2518,"href":"https:\/\/www.wisthaler.com\/index.php\/wp-json\/wp\/v2\/pages\/870\/revisions\/2518"}],"wp:attachment":[{"href":"https:\/\/www.wisthaler.com\/index.php\/wp-json\/wp\/v2\/media?parent=870"}],"curies":[{"name":"wp","href":"https:\/\/api.w.org\/{rel}","templated":true}]}}